{"id":2529,"date":"2024-04-11T13:11:18","date_gmt":"2024-04-11T11:11:18","guid":{"rendered":"https:\/\/culturalcomes.net\/?page_id=2529"},"modified":"2024-04-30T15:46:34","modified_gmt":"2024-04-30T13:46:34","slug":"la-pequena-juglaresa","status":"publish","type":"page","link":"https:\/\/culturalcomes.net\/ca\/la-pequena-juglaresa\/","title":{"rendered":"La xicoteta joglaressa"},"content":{"rendered":"\n<figure class=\"wp-block-image alignwide size-full\"><img loading=\"lazy\" decoding=\"async\" width=\"1024\" height=\"410\" src=\"https:\/\/culturalcomes.net\/wp-content\/uploads\/2024\/04\/pequena-juglaresa.jpg\" alt=\"\" class=\"wp-image-3175\" srcset=\"https:\/\/culturalcomes.net\/wp-content\/uploads\/2024\/04\/pequena-juglaresa.jpg 1024w, https:\/\/culturalcomes.net\/wp-content\/uploads\/2024\/04\/pequena-juglaresa-768x308.jpg 768w, https:\/\/culturalcomes.net\/wp-content\/uploads\/2024\/04\/pequena-juglaresa-600x240.jpg 600w\" sizes=\"auto, (max-width: 1024px) 100vw, 1024px\" \/><\/figure>\n\n<div style=\"height:34px\" aria-hidden=\"true\" class=\"wp-block-spacer\"><\/div>\n\n<div class=\"wp-block-getwid-advanced-heading alignwide alignwide has-custom-font-size\" style=\"font-size:45px\"><span class=\"wp-block-getwid-advanced-heading__content\" style=\"text-align:center;font-family:\"Aboreto\";font-weight:normal\">EMILIO VILLALBA &amp; SARA MARINA<\/span><\/div>\n\n<div style=\"height:65px\" aria-hidden=\"true\" class=\"wp-block-spacer\"><\/div>\n\n<div class=\"wp-block-columns alignwide is-layout-flex wp-container-core-columns-is-layout-9d6595d7 wp-block-columns-is-layout-flex\">\n<div class=\"wp-block-column is-layout-flow wp-block-column-is-layout-flow\" style=\"flex-basis:33.33%\">\n<div class=\"wp-block-group\"><div class=\"wp-block-group__inner-container is-layout-constrained wp-block-group-is-layout-constrained\">\n<div style=\"height:31px\" aria-hidden=\"true\" class=\"wp-block-spacer\"><\/div>\n\n\n\n<div class=\"wp-block-columns is-layout-flex wp-container-core-columns-is-layout-9d6595d7 wp-block-columns-is-layout-flex\">\n<div class=\"wp-block-column is-layout-flow wp-block-column-is-layout-flow\">\n<div class=\"wp-block-group alignwide is-nowrap is-layout-flex wp-container-core-group-is-layout-ad2f72ca wp-block-group-is-layout-flex\"><style>.kt-svg-icons2501_86789e-a1 .kt-svg-item-0 .kb-svg-icon-wrap{color:var(--global-palette4, #2D3748);font-size:50px;}.wp-block-kadence-icon.kt-svg-icons2501_86789e-a1{justify-content:center;}<\/style>\n<div class=\"wp-block-kadence-icon kt-svg-icons kt-svg-icons2501_86789e-a1 alignnone\"><style>.kt-svg-item-2501_c41708-e8 .kb-svg-icon-wrap, .kt-svg-style-stacked.kt-svg-item-2501_c41708-e8 .kb-svg-icon-wrap{color:#fcb900;font-size:20px;}<\/style>\n<div class=\"wp-block-kadence-single-icon kt-svg-style-default kt-svg-icon-wrap kt-svg-item-2501_c41708-e8\"><span class=\"kb-svg-icon-wrap kb-svg-icon-fe_calendar\"><svg viewBox=\"0 0 24 24\"  fill=\"none\" stroke=\"currentColor\" stroke-width=\"2\" stroke-linecap=\"round\" stroke-linejoin=\"round\" xmlns=\"http:\/\/www.w3.org\/2000\/svg\"  aria-hidden=\"true\"><rect x=\"3\" y=\"4\" width=\"18\" height=\"18\" rx=\"2\" ry=\"2\"\/><line x1=\"16\" y1=\"2\" x2=\"16\" y2=\"6\"\/><line x1=\"8\" y1=\"2\" x2=\"8\" y2=\"6\"\/><line x1=\"3\" y1=\"10\" x2=\"21\" y2=\"10\"\/><\/svg><\/span><\/div>\n<\/div>\n\n\n\n<p class=\"has-text-align-left\" style=\"font-size:15px\"><strong>Diumenge<\/strong>, 16 de juny de 2024<\/p>\n<\/div>\n\n\n\n<p><\/p>\n\n\n\n<div class=\"wp-block-group is-nowrap is-layout-flex wp-container-core-group-is-layout-9123dee2 wp-block-group-is-layout-flex\"><style>.kt-svg-icons2501_4d6fbb-e0 .kt-svg-item-0 .kb-svg-icon-wrap{color:var(--global-palette4, #2D3748);font-size:50px;}.wp-block-kadence-icon.kt-svg-icons2501_4d6fbb-e0{justify-content:center;}<\/style>\n<div class=\"wp-block-kadence-icon kt-svg-icons kt-svg-icons2501_4d6fbb-e0 alignnone\"><style>.kt-svg-item-2501_0c1deb-e9 .kb-svg-icon-wrap, .kt-svg-style-stacked.kt-svg-item-2501_0c1deb-e9 .kb-svg-icon-wrap{color:#fcb900;font-size:20px;}<\/style>\n<div class=\"wp-block-kadence-single-icon kt-svg-style-default kt-svg-icon-wrap kt-svg-item-2501_0c1deb-e9\"><span class=\"kb-svg-icon-wrap kb-svg-icon-fe_clock\"><svg viewBox=\"0 0 24 24\"  fill=\"none\" stroke=\"currentColor\" stroke-width=\"2\" stroke-linecap=\"round\" stroke-linejoin=\"round\" xmlns=\"http:\/\/www.w3.org\/2000\/svg\"  aria-hidden=\"true\"><circle cx=\"12\" cy=\"12\" r=\"10\"\/><polyline points=\"12 6 12 12 16 14\"\/><\/svg><\/span><\/div>\n<\/div>\n\n\n\n<p class=\"has-text-align-left\" style=\"font-size:15px\">11:00h. Espect\u00e1culo<\/p>\n<\/div>\n\n\n\n<hr class=\"wp-block-separator has-alpha-channel-opacity is-style-wide\"\/>\n\n\n\n<div style=\"height:20px\" aria-hidden=\"true\" class=\"wp-block-spacer\"><\/div>\n\n\n\n<div class=\"wp-block-group is-nowrap is-layout-flex wp-container-core-group-is-layout-ad2f72ca wp-block-group-is-layout-flex\"><style>.kt-svg-icons2501_709c11-85 .kt-svg-item-0 .kb-svg-icon-wrap{color:var(--global-palette4, #2D3748);font-size:50px;}.wp-block-kadence-icon.kt-svg-icons2501_709c11-85{justify-content:center;}<\/style>\n<div class=\"wp-block-kadence-icon kt-svg-icons kt-svg-icons2501_709c11-85 alignnone\"><style>.kt-svg-item-2501_58e7f5-f2 .kb-svg-icon-wrap, .kt-svg-style-stacked.kt-svg-item-2501_58e7f5-f2 .kb-svg-icon-wrap{color:#fcb900;font-size:24px;}<\/style>\n<div class=\"wp-block-kadence-single-icon kt-svg-style-default kt-svg-icon-wrap kt-svg-item-2501_58e7f5-f2\"><span class=\"kb-svg-icon-wrap kb-svg-icon-fas_ticket-alt\"><svg viewBox=\"0 0 576 512\"  fill=\"currentColor\" xmlns=\"http:\/\/www.w3.org\/2000\/svg\"  aria-hidden=\"true\"><path d=\"M128 160h320v192H128V160zm400 96c0 26.51 21.49 48 48 48v96c0 26.51-21.49 48-48 48H48c-26.51 0-48-21.49-48-48v-96c26.51 0 48-21.49 48-48s-21.49-48-48-48v-96c0-26.51 21.49-48 48-48h480c26.51 0 48 21.49 48 48v96c-26.51 0-48 21.49-48 48zm-48-104c0-13.255-10.745-24-24-24H120c-13.255 0-24 10.745-24 24v208c0 13.255 10.745 24 24 24h336c13.255 0 24-10.745 24-24V152z\"\/><\/svg><\/span><\/div>\n<\/div>\n\n\n\n<p style=\"font-size:20px\">Entrada lliure<\/p>\n<\/div>\n\n\n\n<p><\/p>\n\n\n\n<p><br\/><\/p>\n\n\n\n<p><br\/><\/p>\n<\/div>\n<\/div>\n<\/div><\/div>\n<\/div>\n\n\n\n<div class=\"wp-block-column is-layout-flow wp-block-column-is-layout-flow\" style=\"flex-basis:66.66%\">\n<p><strong>LA XICOTETA JOGLARESSA<\/strong><br\/><em>Aventures musicals a l&#8217;edat mitjana<\/em><\/p>\n\n\n\n<p><em>La Xicoteta Joglaressa<\/em> \u00e9s el nou projecte d&#8217;Emilio Villalba i Sara Marina sobre m\u00fasica did\u00e0ctica per a xiquets i p\u00fablic familiar. Un espectacle que combina el teatre, la narraci\u00f3, marionetes i la m\u00fasica en viu, amb instruments hist\u00f2rics.<br\/>La Juglaresa \u00e9s una xiqueta que viu durant l&#8217;Edat mitjana. En les seues aventures, coneixer\u00e0 a diferents personatges de la Hist\u00f2ria que ens conten com es feia m\u00fasica, com es tocava, com es cantava. Un viatge musical a l&#8217;Edat mitjana on el p\u00fablic apr\u00e9n m\u00fasica, ritmes i hist\u00f2ries d&#8217;artistes i m\u00fasics medievals.<\/p>\n\n\n\n<p><em>Espectacle recomanat a partir de 4 anys<\/em><\/p>\n\n\n\n<p class=\"has-text-align-left\"><strong>Int\u00e8rprets<\/strong><br\/>Emilio Villalba, direcci\u00f3 musical, guitarra, viola medieval, lla\u00fct \u00e0rab i c\u00edtola.<br\/>Sara Marina, narracions, organet, trompeta marina, darbouka i adufe.<\/p>\n\n\n\n<figure class=\"wp-block-embed is-type-video is-provider-youtube wp-block-embed-youtube wp-embed-aspect-16-9 wp-has-aspect-ratio\"><div class=\"wp-block-embed__wrapper\">\n<p class=\"responsive-video-wrap clr\"><iframe loading=\"lazy\" title=\"La Juglaresa. Emilio Villalba &amp; Sara Marina. M\u00fasica medieval para ni\u00f1os.\" width=\"1200\" height=\"675\" src=\"https:\/\/www.youtube.com\/embed\/otode_hFWfw?feature=oembed\" frameborder=\"0\" allow=\"accelerometer; autoplay; clipboard-write; encrypted-media; gyroscope; picture-in-picture; web-share\" referrerpolicy=\"strict-origin-when-cross-origin\" allowfullscreen><\/iframe><\/p>\n<\/div><\/figure>\n\n\n\n<div class=\"wp-block-getwid-accordion has-icon-left\" data-active-element=\"none\">\n<div class=\"wp-block-getwid-accordion__header-wrapper\"><span class=\"wp-block-getwid-accordion__header\"><a href=\"#\"><span class=\"wp-block-getwid-accordion__header-title\"><strong>Biograf\u00eda<\/strong><\/span><span class=\"wp-block-getwid-accordion__icon is-active\"><i class=\"fas fa-plus\"><\/i><\/span><span class=\"wp-block-getwid-accordion__icon is-passive\"><i class=\"fas fa-minus\"><\/i><\/span><\/a><\/span><\/div><div class=\"wp-block-getwid-accordion__content-wrapper\"><div class=\"wp-block-getwid-accordion__content\">\n<p>Emilio Villalba i Sara Marina s\u00f3n m\u00fasics especialitzats en la recuperaci\u00f3 i difusi\u00f3 de les m\u00fasiques hist\u00f2riques compreses entre els segles VI &#8211; XVI. Porten m\u00e9s de 8 anys treballant en una \u00e0mplia labor concertista per Espanya, Portugal i Fran\u00e7a, amb espectacles on conjuguen m\u00fasica, teatre i narrativa. En aquesta traject\u00f2ria han reconstru\u00eft amb a l&#8217;ajuda de luthiers m\u00e9s de 40 instruments hist\u00f2rics, convertint els seus espectacles en un aut\u00e8ntic museu sonor en escena: violes, viola de m\u00e0, saltiris, viola de roda, clavisimbalum, organetto\u2026<br\/><br\/>Han participat en Festivals com P\u00f3rtico do Paraiso, FeM\u00e0s, Maremusicum, Festival Sefardi, Noites<br\/>d&#8217;Encanto, IKFEM, Les heures Musicales, Festival Caprichos Musicales, Festival Tres Culturas, Noches en los Jardines del Real Alc\u00e1zar\u2026 obtenint gran \u00e8xit de p\u00fablic i cr\u00edtica.<\/p>\n<\/div><\/div>\n<\/div>\n\n\n\n<div style=\"height:28px\" aria-hidden=\"true\" class=\"wp-block-spacer\"><\/div>\n\n\n\n<div class=\"wp-block-getwid-social-links has-medium-spacing\" style=\"font-size:20px\"><ul class=\"wp-block-getwid-social-links__list getwid-justify-content-center getwid-justify-content-tablet-flex-end getwid-justify-content-mobile-flex-end\"><li class=\"wp-block-getwid-social-links__item\"><a class=\"wp-block-getwid-social-links__link\" href=\"https:\/\/www.facebook.com\/eduardo.paniaguagarciacalderon\" target=\"_blank\" rel=\"noreferrer noopener nofollow\"><span class=\"wp-block-getwid-social-links__wrapper has-text-color has-white-color\"><i class=\"fab fa-facebook\"><\/i><\/span><\/a><\/li><li class=\"wp-block-getwid-social-links__item\"><a class=\"wp-block-getwid-social-links__link\" href=\"https:\/\/www.instagram.com\/pneuma52\" target=\"_blank\" rel=\"noreferrer noopener nofollow\"><span class=\"wp-block-getwid-social-links__wrapper has-text-color has-white-color\"><i class=\"fab fa-instagram\"><\/i><\/span><\/a><\/li><li class=\"wp-block-getwid-social-links__item\"><a class=\"wp-block-getwid-social-links__link\" href=\"https:\/\/www.youtube.com\/channel\/UCuAjj9dW9mVFpkqLWkCZ3Dg\" target=\"_blank\" rel=\"noreferrer noopener nofollow\"><span class=\"wp-block-getwid-social-links__wrapper has-text-color has-white-color\"><i class=\"fab fa-youtube\"><\/i><\/span><\/a><\/li><li class=\"wp-block-getwid-social-links__item\"><a class=\"wp-block-getwid-social-links__link\" href=\"https:\/\/open.spotify.com\/intl-es\/artist\/2seCHcWLFKYez3vJYAtsZv?si=jKKsVPUjS1Wxl7U81wRH7Q\" target=\"_blank\" rel=\"noreferrer noopener nofollow\"><span class=\"wp-block-getwid-social-links__wrapper has-text-color has-white-color\"><i class=\"fab fa-spotify\"><\/i><\/span><\/a><\/li><li class=\"wp-block-getwid-social-links__item\"><a class=\"wp-block-getwid-social-links__link\" href=\"https:\/\/pneumamusic.es\" target=\"_blank\" rel=\"noreferrer noopener nofollow\"><span class=\"wp-block-getwid-social-links__wrapper has-text-color has-white-color\"><i class=\"fas fa-compass\"><\/i><\/span><\/a><\/li><\/ul><\/div>\n\n\n\n<div style=\"height:100px\" aria-hidden=\"true\" class=\"wp-block-spacer\"><\/div>\n<\/div>\n<\/div>\n","protected":false},"excerpt":{"rendered":"<p>Diumenge, 16 de juny de 2024 11:00h. Espect\u00e1culo Entrada lliure LA XICOTETA JOGLARESSAAventures musicals a l&#8217;edat mitjana La Xicoteta Joglaressa \u00e9s el nou projecte d&#8217;Emilio Villalba i Sara Marina sobre m\u00fasica did\u00e0ctica per a xiquets i p\u00fablic familiar. Un espectacle que combina el teatre, la narraci\u00f3, marionetes i la m\u00fasica en viu, amb instruments hist\u00f2rics.La [&hellip;]<\/p>\n","protected":false},"author":2,"featured_media":0,"parent":0,"menu_order":0,"comment_status":"closed","ping_status":"closed","template":"","meta":{"ocean_post_layout":"","ocean_both_sidebars_style":"","ocean_both_sidebars_content_width":0,"ocean_both_sidebars_sidebars_width":0,"ocean_sidebar":"","ocean_second_sidebar":"","ocean_disable_margins":"enable","ocean_add_body_class":"","ocean_shortcode_before_top_bar":"","ocean_shortcode_after_top_bar":"","ocean_shortcode_before_header":"","ocean_shortcode_after_header":"","ocean_has_shortcode":"","ocean_shortcode_after_title":"","ocean_shortcode_before_footer_widgets":"","ocean_shortcode_after_footer_widgets":"","ocean_shortcode_before_footer_bottom":"","ocean_shortcode_after_footer_bottom":"","ocean_display_top_bar":"default","ocean_display_header":"default","ocean_header_style":"","ocean_center_header_left_menu":"","ocean_custom_header_template":"","ocean_custom_logo":0,"ocean_custom_retina_logo":0,"ocean_custom_logo_max_width":0,"ocean_custom_logo_tablet_max_width":0,"ocean_custom_logo_mobile_max_width":0,"ocean_custom_logo_max_height":0,"ocean_custom_logo_tablet_max_height":0,"ocean_custom_logo_mobile_max_height":0,"ocean_header_custom_menu":"","ocean_menu_typo_font_family":"","ocean_menu_typo_font_subset":"","ocean_menu_typo_font_size":0,"ocean_menu_typo_font_size_tablet":0,"ocean_menu_typo_font_size_mobile":0,"ocean_menu_typo_font_size_unit":"px","ocean_menu_typo_font_weight":"","ocean_menu_typo_font_weight_tablet":"","ocean_menu_typo_font_weight_mobile":"","ocean_menu_typo_transform":"","ocean_menu_typo_transform_tablet":"","ocean_menu_typo_transform_mobile":"","ocean_menu_typo_line_height":0,"ocean_menu_typo_line_height_tablet":0,"ocean_menu_typo_line_height_mobile":0,"ocean_menu_typo_line_height_unit":"","ocean_menu_typo_spacing":0,"ocean_menu_typo_spacing_tablet":0,"ocean_menu_typo_spacing_mobile":0,"ocean_menu_typo_spacing_unit":"","ocean_menu_link_color":"","ocean_menu_link_color_hover":"","ocean_menu_link_color_active":"","ocean_menu_link_background":"","ocean_menu_link_hover_background":"","ocean_menu_link_active_background":"","ocean_menu_social_links_bg":"","ocean_menu_social_hover_links_bg":"","ocean_menu_social_links_color":"","ocean_menu_social_hover_links_color":"","ocean_disable_title":"default","ocean_disable_heading":"default","ocean_post_title":"","ocean_post_subheading":"","ocean_post_title_style":"","ocean_post_title_background_color":"","ocean_post_title_background":0,"ocean_post_title_bg_image_position":"","ocean_post_title_bg_image_attachment":"","ocean_post_title_bg_image_repeat":"","ocean_post_title_bg_image_size":"","ocean_post_title_height":0,"ocean_post_title_bg_overlay":0.5,"ocean_post_title_bg_overlay_color":"","ocean_disable_breadcrumbs":"default","ocean_breadcrumbs_color":"","ocean_breadcrumbs_separator_color":"","ocean_breadcrumbs_links_color":"","ocean_breadcrumbs_links_hover_color":"","ocean_display_footer_widgets":"default","ocean_display_footer_bottom":"default","ocean_custom_footer_template":"","footnotes":""},"class_list":["post-2529","page","type-page","status-publish","hentry","entry","owp-thumbs-layout-horizontal","owp-btn-normal","owp-tabs-layout-vertical","has-no-thumbnails","has-product-nav"],"_links":{"self":[{"href":"https:\/\/culturalcomes.net\/ca\/wp-json\/wp\/v2\/pages\/2529","targetHints":{"allow":["GET"]}}],"collection":[{"href":"https:\/\/culturalcomes.net\/ca\/wp-json\/wp\/v2\/pages"}],"about":[{"href":"https:\/\/culturalcomes.net\/ca\/wp-json\/wp\/v2\/types\/page"}],"author":[{"embeddable":true,"href":"https:\/\/culturalcomes.net\/ca\/wp-json\/wp\/v2\/users\/2"}],"replies":[{"embeddable":true,"href":"https:\/\/culturalcomes.net\/ca\/wp-json\/wp\/v2\/comments?post=2529"}],"version-history":[{"count":5,"href":"https:\/\/culturalcomes.net\/ca\/wp-json\/wp\/v2\/pages\/2529\/revisions"}],"predecessor-version":[{"id":3431,"href":"https:\/\/culturalcomes.net\/ca\/wp-json\/wp\/v2\/pages\/2529\/revisions\/3431"}],"wp:attachment":[{"href":"https:\/\/culturalcomes.net\/ca\/wp-json\/wp\/v2\/media?parent=2529"}],"curies":[{"name":"wp","href":"https:\/\/api.w.org\/{rel}","templated":true}]}}