{"id":2455,"date":"2024-03-04T09:34:36","date_gmt":"2024-03-04T08:34:36","guid":{"rendered":"https:\/\/culturalcomes.net\/?page_id=2455"},"modified":"2024-03-04T11:46:06","modified_gmt":"2024-03-04T10:46:06","slug":"schola-antiqua","status":"publish","type":"page","link":"https:\/\/culturalcomes.net\/ca\/schola-antiqua\/","title":{"rendered":"Schola Antiqua"},"content":{"rendered":"\n<figure class=\"wp-block-image alignwide size-large\"><img loading=\"lazy\" decoding=\"async\" width=\"1024\" height=\"409\" src=\"https:\/\/culturalcomes.net\/wp-content\/uploads\/2024\/01\/ScholaAntiqua2-e1707147204406-1024x409.png\" alt=\"\" class=\"wp-image-2179\" srcset=\"https:\/\/culturalcomes.net\/wp-content\/uploads\/2024\/01\/ScholaAntiqua2-e1707147204406-1024x409.png 1024w, https:\/\/culturalcomes.net\/wp-content\/uploads\/2024\/01\/ScholaAntiqua2-e1707147204406-768x307.png 768w, https:\/\/culturalcomes.net\/wp-content\/uploads\/2024\/01\/ScholaAntiqua2-e1707147204406-1536x614.png 1536w, https:\/\/culturalcomes.net\/wp-content\/uploads\/2024\/01\/ScholaAntiqua2-e1707147204406-2048x819.png 2048w, https:\/\/culturalcomes.net\/wp-content\/uploads\/2024\/01\/ScholaAntiqua2-e1707147204406-600x240.png 600w\" sizes=\"auto, (max-width: 1024px) 100vw, 1024px\" \/><\/figure>\n\n\n\n<div style=\"height:34px\" aria-hidden=\"true\" class=\"wp-block-spacer\"><\/div>\n\n\n\n<div class=\"wp-block-columns alignwide is-layout-flex wp-container-core-columns-is-layout-9d6595d7 wp-block-columns-is-layout-flex\">\n<div class=\"wp-block-column is-layout-flow wp-block-column-is-layout-flow\" style=\"flex-basis:33.33%\">\n<div style=\"height:67px\" aria-hidden=\"true\" class=\"wp-block-spacer\"><\/div>\n\n\n\n<div class=\"wp-block-buttons is-content-justification-center is-layout-flex wp-container-core-buttons-is-layout-16018d1d wp-block-buttons-is-layout-flex\">\n<div class=\"wp-block-button\"><a class=\"wp-block-button__link wp-element-button\" href=\"https:\/\/palauvalencia.com\/evento\/schola-antiqua\/\" rel=\"nofollow noopener\" target=\"_blank\">Entrades<\/a><\/div>\n<\/div>\n\n\n\n<div style=\"height:67px\" aria-hidden=\"true\" class=\"wp-block-spacer\"><\/div>\n\n\n\n<p class=\"has-text-align-left\"><strong>Cantors<\/strong><br><br>Juan Carlos Asensio, director <br>Miguel \u00c1ngel Fern\u00e1ndez Gonz\u00e1lez<br>Mario Fern\u00e1ndez Pacheco<br>Javier de la Fuente Jarillo<br>Rom\u00e1n Garc\u00eda-Miguel Gallego<br>Jorge Luis G\u00f3mez R\u00edos<br>Daniel G\u00f3mez Ruiz<br>Luis Fernando Loro Rodr\u00edguez<br>Abraham Molero L\u00f3pez<br>Jos\u00e9 Manuel Mart\u00edn-Delgado S\u00e1nchez<br>Manuel N\u00fa\u00f1ez Llama<br>Benigno Antonio Rodr\u00edguez Garc\u00eda<br>Jes\u00fas Mar\u00eda Rom\u00e1n Ruiz del Moral<\/p>\n<\/div>\n\n\n\n<div class=\"wp-block-column is-layout-flow wp-block-column-is-layout-flow\" style=\"flex-basis:66.66%\">\n<p class=\"has-luminous-vivid-amber-color has-text-color has-link-color wp-elements-326ee59fd4508a146143f8790d10efb1\">Dimarts, 26 de mar\u00e7, 19:30 h. | L&#8217;Almod\u00ed<\/p>\n\n\n\n<h1 class=\"wp-block-heading\" style=\"font-size:40px;font-style:normal;font-weight:500\">CANTO MOZ\u00c1RABE<\/h1>\n\n\n\n<h2 class=\"wp-block-heading\" style=\"font-size:25px\"><em>L&#8217;esgl\u00e9sia visigoda espanyola<\/em><\/h2>\n\n\n\n<h3 class=\"wp-block-heading\" style=\"font-size:20px\">Schola Antiqua | Juan Carlos Asensio<\/h3>\n\n\n\n<hr class=\"wp-block-separator has-alpha-channel-opacity\"\/>\n\n\n\n<p>Durant els primers segles del cristianisme, els antics centres de poder rom\u00e0 van desenvolupar les seues pr\u00f2pies lit\u00fargies sense imposicions centralitzades. La diversitat lit\u00fargica va persistir, amb Roma, Mil\u00e0, Benevent, Aquileia i Ravena mantenint dist\u00e0ncies en cants i culte.. Malgrat l&#8217;adopci\u00f3 del llat\u00ed en el segle IV, la llengua comuna en les celebracions, el missatge cristi\u00e0 va perdurar. A Hisp\u00e0nia, la fe cristiana es va arrelar profundament, amb bisbes contribuint a l&#8217;expansi\u00f3 i establiment de centres teol\u00f2gics. L&#8217;arribada dels visigots en el 414 va portar tensions, culminant en el regnat de Leovigildo i la conversi\u00f3 de Recaredo en l&#8217;III Concili de Toledo (589), marcant l&#8217;inici d&#8217;una restauraci\u00f3 lit\u00fargica despr\u00e9s de l&#8217;arrianisme.<\/p>\n\n\n\n<p>La lit\u00fargia visigoda cat\u00f2lica va experimentar una \u00e8poca daurada, fusionant la cultura hispanoromana i visig\u00f2tica en grans assoliments literaris i col\u00b7leccions de textos. Encara que la Reconquesta va afavorir la reinstauraci\u00f3 del ritu, l&#8217;adopci\u00f3 del ritu rom\u00e0-franc en unes certes regions va conduir a l&#8217;oblit del ritu hisp\u00e0nic. A partir del segle XI, la pressi\u00f3 de Roma i la consolidaci\u00f3 de la Lex romana en 1080 van portar a l&#8217;aband\u00f3 progressiu del ritu hisp\u00e0nic en favor del gregori\u00e0. La resist\u00e8ncia a Toledo va permetre la continu\u00eftat de la lit\u00fargia hisp\u00e0nica en algunes parr\u00f2quies.<\/p>\n\n\n\n<p>A la fi del segle XV, el cardenal Francisco Jim\u00e9nez de Cisneros va impulsar la revitalitzaci\u00f3 del ritu hisp\u00e0nic a Toledo, assignant-li un lloc en la catedral. Es van realitzar edicions impreses del Missale i Breviarium, preservant la eucologia. No obstant aix\u00f2, la m\u00fasica moss\u00e0rab va enfrontar desafiaments, i la reforma musical es va reflectir en cantorals manuscrits del segle XVI que combinaven melodies de diverses fonts, algunes alienes a la tradici\u00f3 hisp\u00e0-visig\u00f2tica original.<\/p>\n\n\n\n<div class=\"wp-block-getwid-accordion has-icon-left\" data-active-element=\"none\">\n<div class=\"wp-block-getwid-accordion__header-wrapper\"><span class=\"wp-block-getwid-accordion__header\"><a href=\"#\"><span class=\"wp-block-getwid-accordion__header-title\"><strong>Biografia<\/strong> Schola Antiqua<\/span><span class=\"wp-block-getwid-accordion__icon is-active\"><i class=\"fas fa-plus\"><\/i><\/span><span class=\"wp-block-getwid-accordion__icon is-passive\"><i class=\"fas fa-minus\"><\/i><\/span><\/a><\/span><\/div><div class=\"wp-block-getwid-accordion__content-wrapper\"><div class=\"wp-block-getwid-accordion__content\">\n<p>Des de la seua fundaci\u00f3 en 1984 pel benedict\u00ed do Laurentino S\u00e1enz de Buruaga (+2018) <em>Schola Antiqua<\/em> es dedica a l&#8217;estudi, investigaci\u00f3 i interpretaci\u00f3 de la m\u00fasica antiga i especialment del cant gregori\u00e0. Tots els seus components es van formar com a xiquets de cor en l&#8217;Escolania de l&#8217;Abadia de Sta. Cruz del Valle de los Ca\u00eddos centrant el seu repertori en la monodia lit\u00fargica occidental aix\u00ed com la polifonia de l&#8217;<em>Ars Antiqua<\/em> i <em>Ars Nova<\/em> i en les interpretacions <em>alternatim<\/em> amb orgue (Montserrat Torrent, Roberto Fresco, Andr\u00e9s Cea, \u00d3scar Candendo, Javier Artigas, Jos\u00e9 Luis Gonz\u00e1lez Uriol, Ra\u00fal del Toro, Bruno Forst, Jan Willem Jansen, Diego Crespo, Lucie \u017d\u00e1kov\u00e1, Juan de la Rubia\u2026) i amb conjunts vocals i instrumentals (La Colombina, Ensemble Plus Ultra, His Majesty\u2019s Sagbutts and Cornetts, La Grande Chapelle, Ensemble Baroque de Limoges, La Capilla Real de Madrid, Ministriles de Marsias, The English Voices, La Venexiana, Alia Musica, Orquesta Barroca de Venecia, The Tallis Scholars, Ensemble Organum, Tenebrae, Artefactum, La Madrile\u00f1a, Coro Victoria, Capella Prolationum &amp; La Danserye\u2026). Ha actuat en nombrosos festivals a Europa, USA, Centream\u00e8rica, Pr\u00f2xim Orient i el Jap\u00f3. La seua discografia inclou registres dedicats al cant moss\u00e0rab, al cant gregori\u00e0 i reconstruccions hist\u00f2riques de polifonia dels segles XV-XIX amb les agrupacions abans esmentades. En 2012 va realitzar una s\u00e8rie de gravacions en cambra anecoica dins d&#8217;un programa d&#8217;arqueologia ac\u00fastica en col\u00b7laboraci\u00f3 amb el CSIC i el Departament d&#8217;Enginyeria Ac\u00fastica del <em>Institute of Technical Acoustics<\/em> de la Universitat d&#8217;Aquisgr\u00e0 per a reconstruir senyals musicals en entorn anecoic per a recrear de manera virtual el so de l&#8217;Antic Ritu Hisp\u00e0nic. Ha estrenat l&#8217;obra <em>Apocalipsi<\/em> del compositor Jes\u00fas Torres, i al costat del Ensemble Organum el <em>Llibre de Leonor<\/em> de Jos\u00e9 Mar\u00eda S\u00e1nchez Verd\u00fa, i al costat del Ensemble <em>Opus21musikplus<\/em> l&#8217;obra <em>Pahari\u00f3n<\/em> de Konstantia Gourzi. Ha participat en l&#8217;estrena de <em>Cuaderno Persa<\/em> de Santiago Lanchares al costat del grup Artefactum. Ha participat en el Festival de M\u00fasica Sacra de Bogot\u00e0 i un cicle de concerts en la Capella Palatina d&#8217;Aquisgr\u00e0. En 2018 al costat de La Madrilenya i al Cor Victoria va participar en la gravaci\u00f3 del <em>Requiem<\/em> de Jos\u00e9 de Nebra i en 2019 al costat de La Gran Chapelle ha gravat una versi\u00f3 completa del <em>Officium Defunctorum<\/em> de Tom\u00e1s Luis de Victoria. Amb motiu del 4t centenari de la mort del compositor Sebasti\u00e1n de Vivanco (\u20201622) ha gravat una selecci\u00f3 de la seua obra al costat del Ensemble Plus ultra i La Danserye. Des de 2023 forma part de <em>Repertorium<\/em>, projecte europeu per a la recuperaci\u00f3 de m\u00fasiques lit\u00fargicament oblidades despr\u00e9s del Concili de Trento, que comptar\u00e0 amb suports d&#8217;indexaci\u00f3 i digitalitzaci\u00f3 mitjan\u00e7ant procediments d&#8217;Intel\u00b7lig\u00e8ncia Artificial. <em>Schola Antiqua<\/em> no oblida la participaci\u00f3 en les celebracions lit\u00fargiques com a genu\u00ed context de la monodia tant gregoriana com hisp\u00e0nica. <\/p>\n<\/div><\/div>\n\n\n\n<div class=\"wp-block-getwid-accordion__header-wrapper\"><span class=\"wp-block-getwid-accordion__header\"><a href=\"#\"><span class=\"wp-block-getwid-accordion__header-title\"><strong>Biografia<\/strong> Juan Carlos Asensio Palacios<\/span><span class=\"wp-block-getwid-accordion__icon is-active\"><i class=\"fas fa-plus\"><\/i><\/span><span class=\"wp-block-getwid-accordion__icon is-passive\"><i class=\"fas fa-minus\"><\/i><\/span><\/a><\/span><\/div><div class=\"wp-block-getwid-accordion__content-wrapper\"><div class=\"wp-block-getwid-accordion__content\">\n<p>Comen\u00e7a els seus estudis musicals l&#8217;Escolania de Santa Cruz del Valle de los Ca\u00eddos que despr\u00e9s continuar\u00e0 en el Real Conservatori Superior de M\u00fasica de Madrid. \u00c9s col\u00b7laborador del <em>R\u00e9pertoire International des Sources Musicales<\/em>. Ha publicat diferents treballs en revistes especialitzades al costat de transcripcions del <em>C\u00f2dex de Madrid<\/em> i del <em>C\u00f2dex de Las Huelgas<\/em> i una monografia sobre <em>El Cant Gregori\u00e0<\/em> per a Alianza Editorial. Col\u00b7laborador del <em>At\u00ealier de Pal\u00e9ographie Musicale<\/em> de l&#8217;Abadia de Solesmes, ha sigut professor de Musicologia en el Conservatori Superior de M\u00fasica de Salamanca i en el Real Conservatori Superior de M\u00fasica de Madrid. En l&#8217;actualitat \u00e9s professor de Musicologia en la<em>Escola Superior de M\u00fasica de Catalunya<\/em>. Des de 1996 \u00e9s director de<em> Schola Antiqua<\/em>, i des de 2001 membre del Consiglio Direttivo de la <em>Associazione Internazionale Studi di Canto Gregoriano<\/em>, investigador associat del CILengua, membre del grup d&#8217;estudi <em>Bibliopegia<\/em>, editor de la revista <em>Estudios Gregorianos<\/em>, acad\u00e8mic de n\u00famero de l&#8217;Acad\u00e8mia \u201cSan D\u00e1maso\u201d de Ci\u00e8ncies Eclesi\u00e0stiques i membre de la Societat Catalana d&#8217;Estudis Lit\u00fargics. Des de 2014 \u00e9s director, guionista i presentador del programa de R\u00e0dio Cl\u00e0ssica d&#8217;RTVE &#8220;Sicut Lluna Perfecta&#8221; dedicat al cant cristi\u00e0 lit\u00fargic.<\/p>\n<\/div><\/div>\n<\/div>\n\n\n\n<div style=\"height:28px\" aria-hidden=\"true\" class=\"wp-block-spacer\"><\/div>\n\n\n\n<div class=\"wp-block-getwid-social-links has-medium-spacing\" style=\"font-size:20px\"><ul class=\"wp-block-getwid-social-links__list getwid-justify-content-center getwid-justify-content-tablet-flex-end getwid-justify-content-mobile-flex-end\"><li class=\"wp-block-getwid-social-links__item\"><a class=\"wp-block-getwid-social-links__link\" href=\"https:\/\/www.facebook.com\/scholaantiqua.es\" target=\"_blank\" rel=\"noopener nofollow\"><span class=\"wp-block-getwid-social-links__wrapper has-text-color has-white-color\"><i class=\"fab fa-facebook-f\"><\/i><\/span><\/a><\/li><li class=\"wp-block-getwid-social-links__item\"><a class=\"wp-block-getwid-social-links__link\" href=\"https:\/\/twitter.com\/scholaantiqua\" target=\"_blank\" rel=\"noreferrer noopener nofollow\"><span class=\"wp-block-getwid-social-links__wrapper has-text-color has-white-color\"><i class=\"fab fa-twitter\"><\/i><\/span><\/a><\/li><li class=\"wp-block-getwid-social-links__item\"><a class=\"wp-block-getwid-social-links__link\" href=\"https:\/\/www.instagram.com\/scholaantiqua1984\" target=\"_blank\" rel=\"noreferrer noopener nofollow\"><span class=\"wp-block-getwid-social-links__wrapper has-text-color has-white-color\"><i class=\"fab fa-instagram\"><\/i><\/span><\/a><\/li><li class=\"wp-block-getwid-social-links__item\"><a class=\"wp-block-getwid-social-links__link\" href=\"https:\/\/www.youtube.com\/@ScholaAntiqua1984\" target=\"_blank\" rel=\"noreferrer noopener nofollow\"><span class=\"wp-block-getwid-social-links__wrapper has-text-color has-white-color\"><i class=\"fab fa-youtube\"><\/i><\/span><\/a><\/li><li class=\"wp-block-getwid-social-links__item\"><a class=\"wp-block-getwid-social-links__link\" href=\"https:\/\/open.spotify.com\/intl-es\/artist\/7rIIot1G0uteJhTJzvqNWc?si=tMYO8LFNT9-2HQIgOX4TEw\" target=\"_blank\" rel=\"noreferrer noopener nofollow\"><span class=\"wp-block-getwid-social-links__wrapper has-text-color has-white-color\"><i class=\"fab fa-spotify\"><\/i><\/span><\/a><\/li><li class=\"wp-block-getwid-social-links__item\"><a class=\"wp-block-getwid-social-links__link\" href=\"http:\/\/www.scholaantiqua.com\" rel=\"nofollow noopener\" target=\"_blank\"><span class=\"wp-block-getwid-social-links__wrapper has-text-color has-white-color\"><i class=\"fas fa-compass\"><\/i><\/span><\/a><\/li><\/ul><\/div>\n\n\n\n<div style=\"height:100px\" aria-hidden=\"true\" class=\"wp-block-spacer\"><\/div>\n<\/div>\n<\/div>\n","protected":false},"excerpt":{"rendered":"<p>Cantors Juan Carlos Asensio, director Miguel \u00c1ngel Fern\u00e1ndez Gonz\u00e1lezMario Fern\u00e1ndez PachecoJavier de la Fuente JarilloRom\u00e1n Garc\u00eda-Miguel GallegoJorge Luis G\u00f3mez R\u00edosDaniel G\u00f3mez RuizLuis Fernando Loro Rodr\u00edguezAbraham Molero L\u00f3pezJos\u00e9 Manuel Mart\u00edn-Delgado S\u00e1nchezManuel N\u00fa\u00f1ez LlamaBenigno Antonio Rodr\u00edguez Garc\u00edaJes\u00fas Mar\u00eda Rom\u00e1n Ruiz del Moral Dimarts, 26 de mar\u00e7, 19:30 h. | L&#8217;Almod\u00ed CANTO MOZ\u00c1RABE L&#8217;esgl\u00e9sia visigoda espanyola Schola Antiqua [&hellip;]<\/p>\n","protected":false},"author":2,"featured_media":0,"parent":0,"menu_order":0,"comment_status":"closed","ping_status":"closed","template":"","meta":{"ocean_post_layout":"","ocean_both_sidebars_style":"","ocean_both_sidebars_content_width":0,"ocean_both_sidebars_sidebars_width":0,"ocean_sidebar":"","ocean_second_sidebar":"","ocean_disable_margins":"enable","ocean_add_body_class":"","ocean_shortcode_before_top_bar":"","ocean_shortcode_after_top_bar":"","ocean_shortcode_before_header":"","ocean_shortcode_after_header":"","ocean_has_shortcode":"","ocean_shortcode_after_title":"","ocean_shortcode_before_footer_widgets":"","ocean_shortcode_after_footer_widgets":"","ocean_shortcode_before_footer_bottom":"","ocean_shortcode_after_footer_bottom":"","ocean_display_top_bar":"default","ocean_display_header":"default","ocean_header_style":"","ocean_center_header_left_menu":"","ocean_custom_header_template":"","ocean_custom_logo":0,"ocean_custom_retina_logo":0,"ocean_custom_logo_max_width":0,"ocean_custom_logo_tablet_max_width":0,"ocean_custom_logo_mobile_max_width":0,"ocean_custom_logo_max_height":0,"ocean_custom_logo_tablet_max_height":0,"ocean_custom_logo_mobile_max_height":0,"ocean_header_custom_menu":"","ocean_menu_typo_font_family":"","ocean_menu_typo_font_subset":"","ocean_menu_typo_font_size":0,"ocean_menu_typo_font_size_tablet":0,"ocean_menu_typo_font_size_mobile":0,"ocean_menu_typo_font_size_unit":"px","ocean_menu_typo_font_weight":"","ocean_menu_typo_font_weight_tablet":"","ocean_menu_typo_font_weight_mobile":"","ocean_menu_typo_transform":"","ocean_menu_typo_transform_tablet":"","ocean_menu_typo_transform_mobile":"","ocean_menu_typo_line_height":0,"ocean_menu_typo_line_height_tablet":0,"ocean_menu_typo_line_height_mobile":0,"ocean_menu_typo_line_height_unit":"","ocean_menu_typo_spacing":0,"ocean_menu_typo_spacing_tablet":0,"ocean_menu_typo_spacing_mobile":0,"ocean_menu_typo_spacing_unit":"","ocean_menu_link_color":"","ocean_menu_link_color_hover":"","ocean_menu_link_color_active":"","ocean_menu_link_background":"","ocean_menu_link_hover_background":"","ocean_menu_link_active_background":"","ocean_menu_social_links_bg":"","ocean_menu_social_hover_links_bg":"","ocean_menu_social_links_color":"","ocean_menu_social_hover_links_color":"","ocean_disable_title":"default","ocean_disable_heading":"default","ocean_post_title":"","ocean_post_subheading":"","ocean_post_title_style":"","ocean_post_title_background_color":"","ocean_post_title_background":0,"ocean_post_title_bg_image_position":"","ocean_post_title_bg_image_attachment":"","ocean_post_title_bg_image_repeat":"","ocean_post_title_bg_image_size":"","ocean_post_title_height":0,"ocean_post_title_bg_overlay":0.5,"ocean_post_title_bg_overlay_color":"","ocean_disable_breadcrumbs":"default","ocean_breadcrumbs_color":"","ocean_breadcrumbs_separator_color":"","ocean_breadcrumbs_links_color":"","ocean_breadcrumbs_links_hover_color":"","ocean_display_footer_widgets":"default","ocean_display_footer_bottom":"default","ocean_custom_footer_template":"","footnotes":""},"class_list":["post-2455","page","type-page","status-publish","hentry","entry","owp-thumbs-layout-horizontal","owp-btn-normal","owp-tabs-layout-vertical","has-no-thumbnails","has-product-nav"],"_links":{"self":[{"href":"https:\/\/culturalcomes.net\/ca\/wp-json\/wp\/v2\/pages\/2455","targetHints":{"allow":["GET"]}}],"collection":[{"href":"https:\/\/culturalcomes.net\/ca\/wp-json\/wp\/v2\/pages"}],"about":[{"href":"https:\/\/culturalcomes.net\/ca\/wp-json\/wp\/v2\/types\/page"}],"author":[{"embeddable":true,"href":"https:\/\/culturalcomes.net\/ca\/wp-json\/wp\/v2\/users\/2"}],"replies":[{"embeddable":true,"href":"https:\/\/culturalcomes.net\/ca\/wp-json\/wp\/v2\/comments?post=2455"}],"version-history":[{"count":5,"href":"https:\/\/culturalcomes.net\/ca\/wp-json\/wp\/v2\/pages\/2455\/revisions"}],"predecessor-version":[{"id":2615,"href":"https:\/\/culturalcomes.net\/ca\/wp-json\/wp\/v2\/pages\/2455\/revisions\/2615"}],"wp:attachment":[{"href":"https:\/\/culturalcomes.net\/ca\/wp-json\/wp\/v2\/media?parent=2455"}],"curies":[{"name":"wp","href":"https:\/\/api.w.org\/{rel}","templated":true}]}}